{"id":16772,"date":"2020-03-17T14:53:06","date_gmt":"2020-03-17T13:53:06","guid":{"rendered":"https:\/\/www.fietsverhuurtexel.nl\/?page_id=16772"},"modified":"2025-02-15T11:34:03","modified_gmt":"2025-02-15T10:34:03","slug":"gruppen","status":"publish","type":"page","link":"https:\/\/www.fietsverhuurtexel.nl\/de\/gruppen\/","title":{"rendered":"Gruppen"},"content":{"rendered":"<h2>Fahrradverleih f\u00fcr Gruppen und Schulen<\/h2>\n<p>F\u00fcr Gruppen und Schulen bieten wir die perfekte L\u00f6sung f\u00fcr den Fahrradverleih, mit gruppenfreundlichen Preisen und einer schnellen, einfachen Reservierung.<\/p>\n<p><img loading=\"lazy\" decoding=\"async\" class=\"size-medium wp-image-19050 alignright\" src=\"https:\/\/www.fietsverhuurtexel.nl\/wp-content\/uploads\/2024\/08\/20230531_084518-300x225.jpg\" alt=\"Fahrradverleih f\u00fcr Gruppen\" width=\"300\" height=\"225\" srcset=\"https:\/\/www.fietsverhuurtexel.nl\/wp-content\/uploads\/2024\/08\/20230531_084518-300x225.jpg 300w, https:\/\/www.fietsverhuurtexel.nl\/wp-content\/uploads\/2024\/08\/20230531_084518-1024x768.jpg 1024w, https:\/\/www.fietsverhuurtexel.nl\/wp-content\/uploads\/2024\/08\/20230531_084518-768x576.jpg 768w, https:\/\/www.fietsverhuurtexel.nl\/wp-content\/uploads\/2024\/08\/20230531_084518-1536x1152.jpg 1536w, https:\/\/www.fietsverhuurtexel.nl\/wp-content\/uploads\/2024\/08\/20230531_084518-2048x1536.jpg 2048w\" sizes=\"auto, (max-width: 300px) 100vw, 300px\" \/><\/p>\n<h2>Gruppen ab 40 Personen<\/h2>\n<p><strong><a class=\"button\" style=\"font-size: 14px;padding: 8px 16px\" href=\"https:\/\/www.fietsverhuurtexel.nl\/groepsreservering-vanaf-20-personen\/\">Stellen Sie eine Reservierungsanfrage f\u00fcr Ihre Gruppe<\/a><\/strong><br \/>\nNach Ihrer Anfrage erhalten Sie ein Preisangebot und wir stellen Ihnen einige zus\u00e4tzliche Fragen. Danach k\u00f6nnen Sie die Reservierung best\u00e4tigen.<\/p>\n<h3>Gep\u00e4cklieferung f\u00fcr Gruppen<\/h3>\n<p>Bei einer Mietdauer von 3 Tagen oder mehr k\u00f6nnen wir Ihr Gep\u00e4ck an den gew\u00fcnschten Ort liefern. Es fallen zus\u00e4tzliche Kosten an, und wir k\u00f6nnen das Gep\u00e4ck auch wieder abholen.<\/p>\n<p><img loading=\"lazy\" decoding=\"async\" class=\"alignright size-medium wp-image-19056\" src=\"https:\/\/www.fietsverhuurtexel.nl\/wp-content\/uploads\/2024\/08\/bezorging-300x225.jpg\" alt=\"Gep\u00e4cklieferung\" width=\"300\" height=\"225\" srcset=\"https:\/\/www.fietsverhuurtexel.nl\/wp-content\/uploads\/2024\/08\/bezorging-300x225.jpg 300w, https:\/\/www.fietsverhuurtexel.nl\/wp-content\/uploads\/2024\/08\/bezorging-1024x768.jpg 1024w, https:\/\/www.fietsverhuurtexel.nl\/wp-content\/uploads\/2024\/08\/bezorging-768x576.jpg 768w, https:\/\/www.fietsverhuurtexel.nl\/wp-content\/uploads\/2024\/08\/bezorging-1536x1152.jpg 1536w, https:\/\/www.fietsverhuurtexel.nl\/wp-content\/uploads\/2024\/08\/bezorging.jpg 2040w\" sizes=\"auto, (max-width: 300px) 100vw, 300px\" \/><\/p>\n","protected":false},"excerpt":{"rendered":"<p>Fahrradverleih f\u00fcr Gruppen und Schulen F\u00fcr Gruppen und Schulen bieten wir die perfekte L\u00f6sung f\u00fcr den Fahrradverleih, mit gruppenfreundlichen Preisen und einer schnellen, einfachen Reservierung. Gruppen ab 40 Personen Stellen Sie eine Reservierungsanfrage f\u00fcr Ihre Gruppe Nach Ihrer Anfrage erhalten Sie ein Preisangebot und wir stellen Ihnen einige zus\u00e4tzliche Fragen. Danach k\u00f6nnen Sie die Reservierung [&hellip;]<\/p>\n","protected":false},"author":8,"featured_media":0,"parent":0,"menu_order":0,"comment_status":"open","ping_status":"open","template":"","meta":{"_seopress_robots_primary_cat":"","_seopress_titles_title":"","_seopress_titles_desc":"","_seopress_robots_index":"","_genesis_hide_title":false,"_genesis_hide_breadcrumbs":false,"_genesis_hide_singular_image":false,"_genesis_hide_footer_widgets":false,"_genesis_custom_body_class":"","_genesis_custom_post_class":"","_genesis_layout":"","ngg_post_thumbnail":0,"_joinchat":[],"footnotes":""},"class_list":{"0":"post-16772","1":"page","2":"type-page","3":"status-publish","5":"entry","6":"has-post-thumbnail"},"_links":{"self":[{"href":"https:\/\/www.fietsverhuurtexel.nl\/de\/wp-json\/wp\/v2\/pages\/16772","targetHints":{"allow":["GET"]}}],"collection":[{"href":"https:\/\/www.fietsverhuurtexel.nl\/de\/wp-json\/wp\/v2\/pages"}],"about":[{"href":"https:\/\/www.fietsverhuurtexel.nl\/de\/wp-json\/wp\/v2\/types\/page"}],"author":[{"embeddable":true,"href":"https:\/\/www.fietsverhuurtexel.nl\/de\/wp-json\/wp\/v2\/users\/8"}],"replies":[{"embeddable":true,"href":"https:\/\/www.fietsverhuurtexel.nl\/de\/wp-json\/wp\/v2\/comments?post=16772"}],"version-history":[{"count":2,"href":"https:\/\/www.fietsverhuurtexel.nl\/de\/wp-json\/wp\/v2\/pages\/16772\/revisions"}],"predecessor-version":[{"id":19406,"href":"https:\/\/www.fietsverhuurtexel.nl\/de\/wp-json\/wp\/v2\/pages\/16772\/revisions\/19406"}],"wp:attachment":[{"href":"https:\/\/www.fietsverhuurtexel.nl\/de\/wp-json\/wp\/v2\/media?parent=16772"}],"curies":[{"name":"wp","href":"https:\/\/api.w.org\/{rel}","templated":true}]}}